{"id":459,"date":"2021-06-14T18:05:46","date_gmt":"2021-06-14T15:05:46","guid":{"rendered":"https:\/\/www.fredrikssons.fi\/?page_id=459"},"modified":"2024-09-30T13:21:17","modified_gmt":"2024-09-30T10:21:17","slug":"tietoa-meista","status":"publish","type":"page","link":"https:\/\/www.fredrikssons.fi\/sv\/tietoa-meista\/","title":{"rendered":"Om oss"},"content":{"rendered":"<p>[et_pb_section fb_built=&#8221;1&#8243; custom_padding_last_edited=&#8221;off|desktop&#8221; admin_label=&#8221;Hero&#8221; _builder_version=&#8221;4.16&#8243; use_background_color_gradient=&#8221;on&#8221; background_color_gradient_stops=&#8221;#a4d233 0%|#a4d132 100%&#8221; background_color_gradient_start=&#8221;#a4d233&#8243; background_color_gradient_end=&#8221;#a4d132&#8243; custom_margin=&#8221;|||&#8221; custom_padding=&#8221;100px||100px|&#8221; custom_padding_tablet=&#8221;130px||130px|&#8221; global_colors_info=&#8221;{}&#8221;][et_pb_row column_structure=&#8221;1_2,1_2&#8243; admin_label=&#8221;title and illustration&#8221; _builder_version=&#8221;4.16&#8243; background_size=&#8221;initial&#8221; background_position=&#8221;top_left&#8221; background_repeat=&#8221;repeat&#8221; min_height=&#8221;420.4px&#8221; custom_margin=&#8221;|||&#8221; global_colors_info=&#8221;{}&#8221;][et_pb_column type=&#8221;1_2&#8243; _builder_version=&#8221;4.16&#8243; custom_padding=&#8221;|||&#8221; global_colors_info=&#8221;{}&#8221; custom_padding__hover=&#8221;|||&#8221;][et_pb_text _builder_version=&#8221;4.16&#8243; _module_preset=&#8221;default&#8221; global_colors_info=&#8221;{}&#8221;]<\/p>\n<h1>om oss<\/h1>\n<p>[\/et_pb_text][et_pb_divider color=&#8221;#333333&#8243; divider_position=&#8221;center&#8221; divider_weight=&#8221;2px&#8221; _builder_version=&#8221;4.16&#8243; background_color=&#8221;#A4D233&#8243; max_width=&#8221;90px&#8221; max_width_tablet=&#8221;12%&#8221; max_width_last_edited=&#8221;off|desktop&#8221; custom_margin=&#8221;|||&#8221; animation_style=&#8221;flip&#8221; animation_delay=&#8221;50ms&#8221; global_colors_info=&#8221;{}&#8221;][\/et_pb_divider][et_pb_text _builder_version=&#8221;4.16&#8243; text_font=&#8221;||||||||&#8221; text_font_size=&#8221;20px&#8221; text_line_height=&#8221;1.8em&#8221; custom_margin=&#8221;25px|||&#8221; animation_style=&#8221;flip&#8221; animation_direction=&#8221;top&#8221; animation_delay=&#8221;100ms&#8221; global_colors_info=&#8221;{}&#8221;]<\/p>\n<p><span>Fredrikssons \u00e4r ett lokalt f\u00f6retag i Raseborg som erbjuder <\/span><span>kvalitativa fysioterapi, massage &#8211; och andra friskv\u00e5rdstj\u00e4nster i b\u00e5de Karis och Eken\u00e4s. Alla v\u00e5ra terapeuter \u00e4r utbildade yrkesut\u00f6vare. <\/span><\/p>\n<p>[\/et_pb_text][\/et_pb_column][et_pb_column type=&#8221;1_2&#8243; _builder_version=&#8221;4.16&#8243; custom_padding=&#8221;|||&#8221; global_colors_info=&#8221;{}&#8221; custom_padding__hover=&#8221;|||&#8221;][et_pb_image src=&#8221;https:\/\/www.fredrikssons.fi\/wp-content\/uploads\/2021\/05\/Tiimi.png&#8221; title_text=&#8221;Tiimi&#8221; align_tablet=&#8221;center&#8221; align_phone=&#8221;&#8221; align_last_edited=&#8221;on|desktop&#8221; admin_label=&#8221;illustration&#8221; _builder_version=&#8221;4.16&#8243; background_color=&#8221;#A4D233&#8243; use_background_color_gradient=&#8221;on&#8221; background_color_gradient_direction=&#8221;202deg&#8221; background_color_gradient_stops=&#8221;#a4d233 0%|#a4d233 41%&#8221; background_color_gradient_start=&#8221;#a4d233&#8243; background_color_gradient_end=&#8221;#a4d233&#8243; background_color_gradient_end_position=&#8221;41%&#8221; width=&#8221;100%&#8221; min_height=&#8221;253.8px&#8221; custom_padding=&#8221;|1px|0px|0px||&#8221; animation_style=&#8221;slide&#8221; animation_direction=&#8221;right&#8221; animation_intensity_slide=&#8221;10%&#8221; border_radii=&#8221;on|196px|196px|196px|196px&#8221; global_colors_info=&#8221;{}&#8221;][\/et_pb_image][\/et_pb_column][\/et_pb_row][\/et_pb_section][et_pb_section fb_built=&#8221;1&#8243; _builder_version=&#8221;4.16&#8243; _module_preset=&#8221;default&#8221; background_color=&#8221;#212529&#8243; custom_padding=&#8221;|0px||||&#8221; locked=&#8221;off&#8221; global_colors_info=&#8221;{}&#8221;][et_pb_row column_structure=&#8221;1_4,1_2,1_4&#8243; _builder_version=&#8221;4.16&#8243; _module_preset=&#8221;default&#8221; background_color=&#8221;#A4D233&#8243; width=&#8221;94.3%&#8221; custom_padding=&#8221;|||7px||&#8221; border_radii=&#8221;on|10px|10px|10px|10px&#8221; global_colors_info=&#8221;{}&#8221;][et_pb_column type=&#8221;1_4&#8243; _builder_version=&#8221;4.16&#8243; _module_preset=&#8221;default&#8221; global_colors_info=&#8221;{}&#8221;][et_pb_text _builder_version=&#8221;4.16&#8243; _module_preset=&#8221;default&#8221; global_colors_info=&#8221;{}&#8221;][\/et_pb_text][\/et_pb_column][et_pb_column type=&#8221;1_2&#8243; _builder_version=&#8221;4.16&#8243; _module_preset=&#8221;default&#8221; global_colors_info=&#8221;{}&#8221;][et_pb_text _builder_version=&#8221;4.16&#8243; _module_preset=&#8221;default&#8221; text_font=&#8221;||||||||&#8221; text_text_color=&#8221;#333333&#8243; header_font_size=&#8221;22px&#8221; custom_margin=&#8221;|||-29px||&#8221; custom_padding=&#8221;|0px||100px||&#8221; global_colors_info=&#8221;{}&#8221;]<\/p>\n<h3>V\u00e5r ber\u00e4ttelse<\/h3>\n<p>[\/et_pb_text][et_pb_text _builder_version=&#8221;4.16&#8243; _module_preset=&#8221;default&#8221; text_font_size=&#8221;17px&#8221; text_letter_spacing=&#8221;2px&#8221; text_line_height=&#8221;1.8em&#8221; header_font_size=&#8221;36px&#8221; width=&#8221;94.4%&#8221; custom_margin=&#8221;|-6px||11px||&#8221; custom_padding=&#8221;|16px||21px||&#8221; global_colors_info=&#8221;{}&#8221;]<\/p>\n<p dir=\"ltr\"><span>Fredrikssons b\u00f6rjade \u00e5r 2018 under namnet Auron Karis i nya utrymmen i centrum av Karis. Fredrikssons Eken\u00e4s har sedan 2019 delvis fungerat i H\u00e4lsok\u00e4llarens utrymmen vid torget i Eken\u00e4s under namnet Auron Eken\u00e4s.<\/span><\/p>\n<p dir=\"ltr\"><span> <\/span><span><br \/><\/span><span>Vi str\u00e4var efter att fr\u00e4mja v\u00e5ra kunders h\u00e4lsa och v\u00e4lbefinnande individuellt och kundorienterat. Vi erbjuder fysioterapi och massage f\u00f6r m\u00e4nniskor i alla \u00e5ldrar, f\u00f6retag och samh\u00e4llen. Vi utf\u00f6r individanpassade FootBalance inl\u00e4gg baserat p\u00e5 analys av nedre extremiteter och vi h\u00e5ller \u00e4ven grupptr\u00e4ning som exempelvis pilates.\u00a0<\/span><\/p>\n<p><span><\/span><\/p>\n<p><span>Kvaliteten p\u00e5 v\u00e5ra tj\u00e4nster baserar sig p\u00e5 v\u00e4lvalda och forskade behandlingsmetoder, samt p\u00e5 v\u00e5r regelbundna fortbildning. Du hittar mer information om v\u00e5rt team nedan.<\/span><\/p>\n<p>[\/et_pb_text][\/et_pb_column][et_pb_column type=&#8221;1_4&#8243; _builder_version=&#8221;4.16&#8243; _module_preset=&#8221;default&#8221; global_colors_info=&#8221;{}&#8221;][\/et_pb_column][\/et_pb_row][\/et_pb_section][et_pb_section fb_built=&#8221;1&#8243; admin_label=&#8221;Speakers&#8221; _builder_version=&#8221;4.16&#8243; background_color=&#8221;#212529&#8243; custom_padding=&#8221;90px||90px|&#8221; animation_style=&#8221;zoom&#8221; animation_intensity_zoom=&#8221;10%&#8221; global_colors_info=&#8221;{}&#8221;][et_pb_row column_structure=&#8221;1_3,2_3&#8243; _builder_version=&#8221;4.16&#8243; custom_margin=&#8221;|||&#8221; custom_padding=&#8221;40px|0px|40px|0px&#8221; global_colors_info=&#8221;{}&#8221;][et_pb_column type=&#8221;1_3&#8243; _builder_version=&#8221;4.16&#8243; custom_padding=&#8221;|||&#8221; global_colors_info=&#8221;{}&#8221; custom_padding__hover=&#8221;|||&#8221;][et_pb_image src=&#8221;https:\/\/www.fredrikssons.fi\/wp-content\/uploads\/2021\/01\/Robert_Fredriksson-350.jpg&#8221; title_text=&#8221;Robert_Fredriksson-350&#8243; _builder_version=&#8221;4.16&#8243; min_height=&#8221;343.8px&#8221; custom_margin=&#8221;||27px|||&#8221; custom_margin_tablet=&#8221;90px|||&#8221; custom_margin_last_edited=&#8221;off|desktop&#8221; custom_padding=&#8221;0px|29px|0px|0px||&#8221; border_radii=&#8221;on|50px|50px|50px|50px&#8221; always_center_on_mobile=&#8221;off&#8221; locked=&#8221;off&#8221; global_colors_info=&#8221;{}&#8221;][\/et_pb_image][et_pb_social_media_follow _builder_version=&#8221;4.16&#8243; text_orientation=&#8221;center&#8221; locked=&#8221;off&#8221; global_colors_info=&#8221;{}&#8221;][et_pb_social_media_follow_network social_network=&#8221;facebook&#8221; _builder_version=&#8221;4.16&#8243; background_color=&#8221;#181819&#8243; global_colors_info=&#8221;{}&#8221; follow_button=&#8221;off&#8221; url_new_window=&#8221;on&#8221;]facebook[\/et_pb_social_media_follow_network][et_pb_social_media_follow_network social_network=&#8221;linkedin&#8221; _builder_version=&#8221;4.16&#8243; background_color=&#8221;#181819&#8243; global_colors_info=&#8221;{}&#8221; follow_button=&#8221;off&#8221; url_new_window=&#8221;on&#8221;]linkedin[\/et_pb_social_media_follow_network][\/et_pb_social_media_follow][\/et_pb_column][et_pb_column type=&#8221;2_3&#8243; _builder_version=&#8221;4.16&#8243; custom_padding=&#8221;|||&#8221; global_colors_info=&#8221;{}&#8221; custom_padding__hover=&#8221;|||&#8221;][et_pb_text _builder_version=&#8221;4.16&#8243; text_font=&#8221;Alata|700|||||||&#8221; text_text_color=&#8221;#7e7f93&#8243; text_font_size=&#8221;18px&#8221; header_font=&#8221;||||||||&#8221; header_3_font=&#8221;Merriweather|700|||||||&#8221; header_3_text_color=&#8221;#4646c4&#8243; header_3_font_size=&#8221;36px&#8221; header_3_line_height=&#8221;1.4em&#8221; locked=&#8221;off&#8221; global_colors_info=&#8221;{}&#8221;]<\/p>\n<h3><span style=\"color: #a4d233;\">Robert fredriksson<\/span><\/h3>\n<p>Fysioterapeut, Auron Pilates-instrukt\u00f6r, utbildare i ergonomi f\u00f6r patientf\u00f6rflyttning<\/p>\n<p>[\/et_pb_text][et_pb_text _builder_version=&#8221;4.16&#8243; text_font=&#8221;||||||||&#8221; text_font_size=&#8221;18px&#8221; text_line_height=&#8221;1.8em&#8221; global_colors_info=&#8221;{}&#8221;]<\/p>\n<p><span style=\"color: #ffffff;\"><span>Robert \u00e4r \u00e4gare\/f\u00f6retagare av Fredrikssons Karis och Eken\u00e4s. Han \u00e4r fysioterapeut\u00a0 och ut\u00f6ver det h\u00e5ller han \u00e4ven pilatestimmar och utf\u00f6r individanpassade inl\u00e4gg. Robert har erfarenhet fr\u00e5n den neurologiska sidan och \u00e4ven inom ergonomisk patientf\u00f6rflyttning. Behandling av sjuka axlar, ryggar och h\u00f6ft \u00e4r v\u00e4ldigt bekant f\u00f6r honom d\u00e5 han jobbat inom branschen i 20 \u00e5r. <\/span><span><br \/><\/span><\/span><\/p>\n<p>[\/et_pb_text][et_pb_text _builder_version=&#8221;4.16&#8243; _module_preset=&#8221;default&#8221; global_colors_info=&#8221;{}&#8221;]<\/p>\n<p><span style=\"color: #848484;\">Roberts motto \u00e4r \u201cit\u2019s the small things that matters\u201d allts\u00e5 det \u00e4r de sm\u00e5 sakerna i livet som \u00e4r betydelsefulla. <\/span><\/p>\n<p>[\/et_pb_text][\/et_pb_column][\/et_pb_row][et_pb_row column_structure=&#8221;1_3,2_3&#8243; _builder_version=&#8221;4.16&#8243; custom_margin=&#8221;|||&#8221; custom_padding=&#8221;40px|0px|40px|0px&#8221; global_colors_info=&#8221;{}&#8221;][et_pb_column type=&#8221;1_3&#8243; _builder_version=&#8221;4.16&#8243; custom_padding=&#8221;|||&#8221; global_colors_info=&#8221;{}&#8221; custom_padding__hover=&#8221;|||&#8221;][et_pb_image src=&#8221;https:\/\/www.fredrikssons.fi\/wp-content\/uploads\/2021\/01\/Malin_Manelius-350.jpg&#8221; title_text=&#8221;Malin_Manelius-350&#8243; _builder_version=&#8221;4.16&#8243; custom_margin=&#8221;|||&#8221; custom_margin_tablet=&#8221;90px|||&#8221; custom_margin_last_edited=&#8221;off|desktop&#8221; custom_padding=&#8221;|26px||||&#8221; border_radii=&#8221;on|50px|50px|50px|50px&#8221; always_center_on_mobile=&#8221;off&#8221; locked=&#8221;off&#8221; global_colors_info=&#8221;{}&#8221;][\/et_pb_image][et_pb_social_media_follow _builder_version=&#8221;4.16&#8243; text_orientation=&#8221;center&#8221; locked=&#8221;off&#8221; global_colors_info=&#8221;{}&#8221;][et_pb_social_media_follow_network social_network=&#8221;facebook&#8221; _builder_version=&#8221;4.16&#8243; background_color=&#8221;#181819&#8243; global_colors_info=&#8221;{}&#8221; follow_button=&#8221;off&#8221; url_new_window=&#8221;on&#8221;]facebook[\/et_pb_social_media_follow_network][et_pb_social_media_follow_network social_network=&#8221;linkedin&#8221; _builder_version=&#8221;4.16&#8243; background_color=&#8221;#181819&#8243; global_colors_info=&#8221;{}&#8221; follow_button=&#8221;off&#8221; url_new_window=&#8221;on&#8221;]linkedin[\/et_pb_social_media_follow_network][\/et_pb_social_media_follow][\/et_pb_column][et_pb_column type=&#8221;2_3&#8243; _builder_version=&#8221;4.16&#8243; custom_padding=&#8221;|||&#8221; global_colors_info=&#8221;{}&#8221; custom_padding__hover=&#8221;|||&#8221;][et_pb_text _builder_version=&#8221;4.16&#8243; text_font=&#8221;Alata||||||||&#8221; text_text_color=&#8221;#7e7f93&#8243; text_font_size=&#8221;18px&#8221; header_font=&#8221;||||||||&#8221; header_3_font=&#8221;Merriweather|700|||||||&#8221; header_3_text_color=&#8221;#4646c4&#8243; header_3_font_size=&#8221;36px&#8221; header_3_line_height=&#8221;1.4em&#8221; locked=&#8221;off&#8221; global_colors_info=&#8221;{}&#8221;]<\/p>\n<h3><span style=\"color: #a4d233;\">MALIN MANELIUS<\/span><\/h3>\n<p><b>Mass\u00f6r<\/b><\/p>\n<p>[\/et_pb_text][et_pb_text _builder_version=&#8221;4.16&#8243; text_font=&#8221;||||||||&#8221; text_font_size=&#8221;18px&#8221; text_line_height=&#8221;1.8em&#8221; global_colors_info=&#8221;{}&#8221;]<\/p>\n<p><span style=\"color: #ffffff;\"><span>Malin \u00e4r utbildad mass\u00f6r med 10 \u00e5rs erfarenhet inom v\u00e5rdbranschen. De senaste \u00e5ren har hon satsat 100% som mass\u00f6r, f\u00f6rst vid Auron och nu hos Fredrikssons. Malin \u00e4r lugn och glad med starka nypor och gott hum\u00f6r<\/span>.<\/span><\/p>\n<p>[\/et_pb_text][et_pb_text _builder_version=&#8221;4.16&#8243; _module_preset=&#8221;default&#8221; global_colors_info=&#8221;{}&#8221;]<\/p>\n<p><span style=\"color: #999999;\"><span>Malins motto \u00e4r <\/span><span>\u201cG\u00f6r vad du kan, av det du har, d\u00e4r du \u00e4r.\u201d<\/span><\/span><\/p>\n<p>[\/et_pb_text][\/et_pb_column][\/et_pb_row][et_pb_row column_structure=&#8221;1_3,2_3&#8243; _builder_version=&#8221;4.16&#8243; custom_margin=&#8221;|||&#8221; custom_padding=&#8221;40px|0px|40px|0px&#8221; global_colors_info=&#8221;{}&#8221;][et_pb_column type=&#8221;1_3&#8243; _builder_version=&#8221;4.16&#8243; custom_padding=&#8221;|||&#8221; global_colors_info=&#8221;{}&#8221; custom_padding__hover=&#8221;|||&#8221;][et_pb_image src=&#8221;https:\/\/www.fredrikssons.fi\/wp-content\/uploads\/2024\/02\/erica-diarium-scaled.jpeg&#8221; title_text=&#8221;erica diarium&#8221; _builder_version=&#8221;4.24.2&#8243; custom_margin=&#8221;|||&#8221; custom_margin_tablet=&#8221;90px|||&#8221; custom_margin_last_edited=&#8221;off|desktop&#8221; border_radii=&#8221;on|50px|50px|50px|50px&#8221; always_center_on_mobile=&#8221;off&#8221; locked=&#8221;off&#8221; global_colors_info=&#8221;{}&#8221;][\/et_pb_image][et_pb_social_media_follow _builder_version=&#8221;4.16&#8243; text_orientation=&#8221;center&#8221; locked=&#8221;off&#8221; global_colors_info=&#8221;{}&#8221;][et_pb_social_media_follow_network social_network=&#8221;facebook&#8221; _builder_version=&#8221;4.16&#8243; background_color=&#8221;#181819&#8243; global_colors_info=&#8221;{}&#8221; follow_button=&#8221;off&#8221; url_new_window=&#8221;on&#8221;]facebook[\/et_pb_social_media_follow_network][et_pb_social_media_follow_network social_network=&#8221;linkedin&#8221; _builder_version=&#8221;4.16&#8243; background_color=&#8221;#181819&#8243; global_colors_info=&#8221;{}&#8221; follow_button=&#8221;off&#8221; url_new_window=&#8221;on&#8221;]linkedin[\/et_pb_social_media_follow_network][\/et_pb_social_media_follow][\/et_pb_column][et_pb_column type=&#8221;2_3&#8243; _builder_version=&#8221;4.16&#8243; custom_padding=&#8221;|||&#8221; global_colors_info=&#8221;{}&#8221; custom_padding__hover=&#8221;|||&#8221;][et_pb_text _builder_version=&#8221;4.16&#8243; text_font=&#8221;Alata|700|||||||&#8221; text_text_color=&#8221;#7e7f93&#8243; text_font_size=&#8221;18px&#8221; header_font=&#8221;||||||||&#8221; header_3_font=&#8221;Merriweather|700|||||||&#8221; header_3_text_color=&#8221;#4646c4&#8243; header_3_font_size=&#8221;36px&#8221; header_3_line_height=&#8221;1.4em&#8221; locked=&#8221;off&#8221; global_colors_info=&#8221;{}&#8221;]<\/p>\n<h3><span style=\"color: #a4d233;\">Erica Gustafsson<\/span><\/h3>\n<p>Fysioterapeut<\/p>\n<p>[\/et_pb_text][et_pb_text _builder_version=&#8221;4.16&#8243; text_font=&#8221;||||||||&#8221; text_font_size=&#8221;18px&#8221; text_line_height=&#8221;1.8em&#8221; custom_padding=&#8221;1px|||||&#8221; global_colors_info=&#8221;{}&#8221;]<\/p>\n<p><span style=\"color: #ffffff;\">Erica \u00e4r utbildad fysioterapeut sedan 2019. Hon har arbetserfarenhet fr\u00e5n s\u00e5v\u00e4l avdelningsarbete med \u00e4ldre som av mottagningsarbete med arbetsf\u00f6ra. Erica \u00e4r intresserad av idrott och problem i st\u00f6d- och r\u00f6relseorgan.\u00a0Hon har vidareutbildat sig till\u00a0idrottsfysioterapeut 2022 och till specialkunnig f\u00f6r problem i st\u00f6d- och r\u00f6relseorgan 2024.\u00a0<\/span><\/p>\n<div><span style=\"color: #ffffff;\">P\u00e5 fritiden hittar ni Erica i Karis idrottshall d\u00e4r hon representerar i BK-46 f\u00e4rger. Hon har spelat handboll sedan barnsben och \u00e4r nu inne p\u00e5 sin 10. s\u00e4song i FM-serien. V\u00e4lm\u00e5ende och att r\u00f6ra p\u00e5 sig ligger allts\u00e5 speciellt n\u00e4ra Ericas hj\u00e4rta.\u00a0<\/span><\/div>\n<p>[\/et_pb_text][\/et_pb_column][\/et_pb_row][et_pb_row column_structure=&#8221;1_3,2_3&#8243; _builder_version=&#8221;4.16&#8243; custom_margin=&#8221;|||&#8221; custom_padding=&#8221;40px|0px|40px|0px&#8221; global_colors_info=&#8221;{}&#8221;][et_pb_column type=&#8221;1_3&#8243; _builder_version=&#8221;4.16&#8243; custom_padding=&#8221;|||&#8221; global_colors_info=&#8221;{}&#8221; custom_padding__hover=&#8221;|||&#8221;][et_pb_image src=&#8221;https:\/\/www.fredrikssons.fi\/wp-content\/uploads\/2021\/01\/Salo_Janne-350.jpg&#8221; title_text=&#8221;Salo_Janne-350&#8243; _builder_version=&#8221;4.16&#8243; custom_margin=&#8221;|||&#8221; custom_margin_tablet=&#8221;90px|||&#8221; custom_margin_last_edited=&#8221;off|desktop&#8221; border_radii=&#8221;on|50px|50px|50px|50px&#8221; always_center_on_mobile=&#8221;off&#8221; locked=&#8221;off&#8221; global_colors_info=&#8221;{}&#8221;][\/et_pb_image][et_pb_social_media_follow _builder_version=&#8221;4.16&#8243; text_orientation=&#8221;center&#8221; locked=&#8221;off&#8221; global_colors_info=&#8221;{}&#8221;][et_pb_social_media_follow_network social_network=&#8221;facebook&#8221; _builder_version=&#8221;4.16&#8243; background_color=&#8221;#181819&#8243; global_colors_info=&#8221;{}&#8221; follow_button=&#8221;off&#8221; url_new_window=&#8221;on&#8221;]facebook[\/et_pb_social_media_follow_network][et_pb_social_media_follow_network social_network=&#8221;linkedin&#8221; _builder_version=&#8221;4.16&#8243; background_color=&#8221;#181819&#8243; global_colors_info=&#8221;{}&#8221; follow_button=&#8221;off&#8221; url_new_window=&#8221;on&#8221;]linkedin[\/et_pb_social_media_follow_network][\/et_pb_social_media_follow][\/et_pb_column][et_pb_column type=&#8221;2_3&#8243; _builder_version=&#8221;4.16&#8243; custom_padding=&#8221;|||&#8221; global_colors_info=&#8221;{}&#8221; custom_padding__hover=&#8221;|||&#8221;][et_pb_text _builder_version=&#8221;4.16&#8243; text_font=&#8221;Alata|700|||||||&#8221; text_text_color=&#8221;#7e7f93&#8243; text_font_size=&#8221;18px&#8221; header_font=&#8221;||||||||&#8221; header_3_font=&#8221;Merriweather|700|||||||&#8221; header_3_text_color=&#8221;#4646c4&#8243; header_3_font_size=&#8221;36px&#8221; header_3_line_height=&#8221;1.4em&#8221; locked=&#8221;off&#8221; global_colors_info=&#8221;{}&#8221;]<\/p>\n<h3><span style=\"color: #a4d233;\">Janne salo<\/span><\/h3>\n<p>Mass\u00f6r<\/p>\n<p>[\/et_pb_text][et_pb_text _builder_version=&#8221;4.16&#8243; text_font=&#8221;||||||||&#8221; text_font_size=&#8221;18px&#8221; text_line_height=&#8221;1.8em&#8221; custom_margin=&#8221;||29px|||&#8221; global_colors_info=&#8221;{}&#8221;]<\/p>\n<p dir=\"ltr\"><span style=\"color: #ffffff;\">Janne \u00e4r utbildad idrottsmass\u00f6r med en avslappnad attityd och ett positivt sinne. Janne har m\u00e5nga \u00e5rs erfarenhet av gymtr\u00e4ning och ger g\u00e4rna \u00e4ven r\u00e5d om tr\u00e4ning. Du kan exempelvis fr\u00e5ga honom hur man kan f\u00f6rb\u00e4ttra prestandan i tr\u00e4ningen eller tips om kroppsv\u00e5rd.<\/span><\/p>\n<p>[\/et_pb_text][et_pb_text _builder_version=&#8221;4.16&#8243; _module_preset=&#8221;default&#8221; global_colors_info=&#8221;{}&#8221;]<\/p>\n<p><span style=\"color: #999999;\">Jannes intresse ligger i m\u00e4nniskors \u00f6vergripande v\u00e4lbefinnande.<\/span><\/p>\n<p>[\/et_pb_text][\/et_pb_column][\/et_pb_row][et_pb_row column_structure=&#8221;1_3,2_3&#8243; _builder_version=&#8221;4.16&#8243; custom_margin=&#8221;|||&#8221; custom_padding=&#8221;40px|0px|40px|0px&#8221; global_colors_info=&#8221;{}&#8221;][et_pb_column type=&#8221;1_3&#8243; _builder_version=&#8221;4.16&#8243; custom_padding=&#8221;|||&#8221; global_colors_info=&#8221;{}&#8221; custom_padding__hover=&#8221;|||&#8221;][et_pb_image src=&#8221;https:\/\/www.fredrikssons.fi\/wp-content\/uploads\/2021\/06\/Harriet-faceshot-scaled.jpg&#8221; title_text=&#8221;Harriet faceshot&#8221; _builder_version=&#8221;4.24.2&#8243; custom_margin=&#8221;|||&#8221; custom_margin_tablet=&#8221;90px|||&#8221; custom_margin_last_edited=&#8221;off|desktop&#8221; border_radii=&#8221;on|50px|50px|50px|50px&#8221; always_center_on_mobile=&#8221;off&#8221; locked=&#8221;off&#8221; global_colors_info=&#8221;{}&#8221;][\/et_pb_image][et_pb_social_media_follow _builder_version=&#8221;4.16&#8243; text_orientation=&#8221;center&#8221; locked=&#8221;off&#8221; global_colors_info=&#8221;{}&#8221;][et_pb_social_media_follow_network social_network=&#8221;facebook&#8221; _builder_version=&#8221;4.16&#8243; background_color=&#8221;#181819&#8243; global_colors_info=&#8221;{}&#8221; follow_button=&#8221;off&#8221; url_new_window=&#8221;on&#8221;]facebook[\/et_pb_social_media_follow_network][et_pb_social_media_follow_network social_network=&#8221;linkedin&#8221; _builder_version=&#8221;4.16&#8243; background_color=&#8221;#181819&#8243; global_colors_info=&#8221;{}&#8221; follow_button=&#8221;off&#8221; url_new_window=&#8221;on&#8221;]linkedin[\/et_pb_social_media_follow_network][\/et_pb_social_media_follow][\/et_pb_column][et_pb_column type=&#8221;2_3&#8243; _builder_version=&#8221;4.16&#8243; custom_padding=&#8221;|||&#8221; global_colors_info=&#8221;{}&#8221; custom_padding__hover=&#8221;|||&#8221;][et_pb_text _builder_version=&#8221;4.16&#8243; text_font=&#8221;Alata|700|||||||&#8221; text_text_color=&#8221;#7e7f93&#8243; text_font_size=&#8221;18px&#8221; header_font=&#8221;Alata||||||||&#8221; header_3_font=&#8221;Merriweather|700|||||||&#8221; header_3_text_color=&#8221;#4646c4&#8243; header_3_font_size=&#8221;36px&#8221; header_3_line_height=&#8221;1.4em&#8221; locked=&#8221;off&#8221; global_colors_info=&#8221;{}&#8221;]<\/p>\n<h3><span style=\"color: #a4d233;\">Harriet<\/span><\/h3>\n<h3><span style=\"font-size: 18px; color: #7e7f93; font-family: Alata, Helvetica, Arial, Lucida, sans-serif;\">Mass\u00f6r<\/span><\/h3>\n<p>[\/et_pb_text][et_pb_text _builder_version=&#8221;4.16&#8243; text_font=&#8221;||||||||&#8221; text_font_size=&#8221;18px&#8221; text_line_height=&#8221;1.8em&#8221; custom_margin=&#8221;||29px|||&#8221; global_colors_info=&#8221;{}&#8221;]<\/p>\n<p dir=\"ltr\"><span style=\"color: #ffffff;\"><span>Harriet har jobbat som l\u00e4rare men har nu \u00e4ven utbildat sig till mass\u00f6r via hierontakoulu Relaxi i \u00c5bo. Hon trivs i m\u00e4nniskon\u00e4ra yrken och tycker om att f\u00e5 jobba med alla sorters m\u00e5lgrupper.<\/span><\/span><\/p>\n<p>[\/et_pb_text][et_pb_text _builder_version=&#8221;4.16&#8243; _module_preset=&#8221;default&#8221; global_colors_info=&#8221;{}&#8221;]<\/p>\n<p><span style=\"color: #999999;\">Hennes motto \u00e4r: <\/span><span style=\"color: #999999; font-size: 14px;\">\u201cR\u00f6relse \u00e4r b\u00e4sta medicinen\u201d, men om det inte hj\u00e4lper, s\u00e5 kanske jag kan!<\/span><\/p>\n<p>[\/et_pb_text][\/et_pb_column][\/et_pb_row][et_pb_row column_structure=&#8221;1_3,2_3&#8243; _builder_version=&#8221;4.16&#8243; custom_margin=&#8221;|||&#8221; custom_padding=&#8221;40px|0px|40px|0px&#8221; global_colors_info=&#8221;{}&#8221;][et_pb_column type=&#8221;1_3&#8243; _builder_version=&#8221;4.16&#8243; custom_padding=&#8221;|||&#8221; global_colors_info=&#8221;{}&#8221; custom_padding__hover=&#8221;|||&#8221;][et_pb_image src=&#8221;https:\/\/www.fredrikssons.fi\/wp-content\/uploads\/2023\/04\/08F4A6AB-C8E5-48DF-AB9D-A238522FBE60.jpg&#8221; title_text=&#8221;08F4A6AB-C8E5-48DF-AB9D-A238522FBE60&#8243; _builder_version=&#8221;4.24.2&#8243; custom_margin=&#8221;|||&#8221; custom_margin_tablet=&#8221;90px|||&#8221; custom_margin_last_edited=&#8221;off|desktop&#8221; border_radii=&#8221;on|50px|50px|50px|50px&#8221; always_center_on_mobile=&#8221;off&#8221; locked=&#8221;off&#8221; global_colors_info=&#8221;{}&#8221;][\/et_pb_image][et_pb_social_media_follow _builder_version=&#8221;4.16&#8243; text_orientation=&#8221;center&#8221; locked=&#8221;off&#8221; global_colors_info=&#8221;{}&#8221;][et_pb_social_media_follow_network social_network=&#8221;facebook&#8221; _builder_version=&#8221;4.16&#8243; background_color=&#8221;#181819&#8243; global_colors_info=&#8221;{}&#8221; follow_button=&#8221;off&#8221; url_new_window=&#8221;on&#8221;]facebook[\/et_pb_social_media_follow_network][et_pb_social_media_follow_network social_network=&#8221;linkedin&#8221; _builder_version=&#8221;4.16&#8243; background_color=&#8221;#181819&#8243; global_colors_info=&#8221;{}&#8221; follow_button=&#8221;off&#8221; url_new_window=&#8221;on&#8221;]linkedin[\/et_pb_social_media_follow_network][\/et_pb_social_media_follow][\/et_pb_column][et_pb_column type=&#8221;2_3&#8243; _builder_version=&#8221;4.16&#8243; custom_padding=&#8221;|||&#8221; global_colors_info=&#8221;{}&#8221; custom_padding__hover=&#8221;|||&#8221;][et_pb_text _builder_version=&#8221;4.16&#8243; text_font=&#8221;Alata|700|||||||&#8221; text_text_color=&#8221;#7e7f93&#8243; text_font_size=&#8221;18px&#8221; header_font=&#8221;||||||||&#8221; header_3_font=&#8221;Merriweather|700|||||||&#8221; header_3_text_color=&#8221;#4646c4&#8243; header_3_font_size=&#8221;36px&#8221; header_3_line_height=&#8221;1.4em&#8221; locked=&#8221;off&#8221; global_colors_info=&#8221;{}&#8221;]<\/p>\n<h3><span style=\"color: #a4d233;\"><span style=\"caret-color: #a4d233;\">Evelina Lundstr\u00f6m<\/span>\u00a0(Bella)<\/span><\/h3>\n<h3><span style=\"color: #7e7f93; font-family: Alata, Helvetica, Arial, Lucida, sans-serif; font-size: 18px;\">marknadsf\u00f6ringsansvarig, assistent och yogal\u00e4rare<\/span><\/h3>\n<p>[\/et_pb_text][et_pb_text _builder_version=&#8221;4.16&#8243; text_font=&#8221;||||||||&#8221; text_font_size=&#8221;18px&#8221; text_line_height=&#8221;1.8em&#8221; custom_margin=&#8221;||29px|||&#8221; global_colors_info=&#8221;{}&#8221;]<\/p>\n<p dir=\"ltr\"><span style=\"color: #ffffff;\"><span>Bella \u00e4r v\u00e5r marknadsf\u00f6ringsansvarig och assistent. Hon \u00e4r \u00e4ven kandidat i idrott- och h\u00e4lsovetenskap samt utbildad yogal\u00e4rare. M\u00e4nniskans naturliga v\u00e4lbefinnande ligger henne n\u00e4ra hj\u00e4rtat.<\/span><\/span><\/p>\n<p>[\/et_pb_text][et_pb_text _builder_version=&#8221;4.24.2&#8243; _module_preset=&#8221;default&#8221; global_colors_info=&#8221;{}&#8221;]<\/p>\n<p><span style=\"color: #999999;\"><span>Hennes motto: <\/span><span>\u201cYou&#8217;re not old. You just need to stretch.\u201d<\/span><\/span><\/p>\n<p>[\/et_pb_text][\/et_pb_column][\/et_pb_row][\/et_pb_section][et_pb_section fb_built=&#8221;1&#8243; fullwidth=&#8221;on&#8221; _builder_version=&#8221;4.16&#8243; _module_preset=&#8221;default&#8221; hover_enabled=&#8221;0&#8243; global_colors_info=&#8221;{}&#8221; sticky_enabled=&#8221;0&#8243;][et_pb_fullwidth_slider admin_label=&#8221;Varaa aika vaihtuvat diat&#8221; _builder_version=&#8221;4.27.0&#8243; _module_preset=&#8221;default&#8221; background_color=&#8221;#A4D233&#8243; custom_button=&#8221;on&#8221; button_bg_color=&#8221;rgba(216,216,216,0)&#8221; button_border_color=&#8221;#333333&#8243; button_border_radius=&#8221;47px&#8221; button_font=&#8221;Alata||||||||&#8221; button_icon=&#8221;%%190%%&#8221; min_height=&#8221;599.4px&#8221; custom_padding=&#8221;150px||158px|||&#8221; hover_enabled=&#8221;0&#8243; global_colors_info=&#8221;{}&#8221; sticky_enabled=&#8221;0&#8243;][et_pb_slide heading=&#8221;BOKA EN TID NU!&#8221; button_text=&#8221;Boka tid&#8221; button_link=&#8221;vello.fi\/fredrikssons&#8221; url_new_window=&#8221;on&#8221; image=&#8221;https:\/\/www.fredrikssons.fi\/wp-content\/uploads\/2021\/05\/sport-2245029_1920.jpg&#8221; use_bg_overlay=&#8221;off&#8221; use_text_overlay=&#8221;off&#8221; arrows_custom_color=&#8221;#333333&#8243; dot_nav_custom_color=&#8221;#333333&#8243; _builder_version=&#8221;4.27.0&#8243; _module_preset=&#8221;default&#8221; custom_button=&#8221;on&#8221; button_text_size=&#8221;19px&#8221; button_text_color=&#8221;#333333&#8243; button_border_width=&#8221;2px&#8221; button_font=&#8221;Alata||||||||&#8221; button_use_icon=&#8221;on&#8221; button_icon=&#8221;&#xe046;||divi||400&#8243; button_icon_placement=&#8221;right&#8221; button_on_hover=&#8221;on&#8221; background_layout=&#8221;light&#8221; hover_enabled=&#8221;0&#8243; border_radii_image=&#8221;on|50px|50px|50px|50px&#8221; border_width_all_image=&#8221;4px&#8221; global_colors_info=&#8221;{}&#8221; sticky_transition=&#8221;on&#8221; sticky_enabled=&#8221;0&#8243;]<\/p>\n<p>V\u00e5rt uppdrag \u00e4r att fr\u00e4mja v\u00e5ra klienters h\u00e4lsa och v\u00e4lbefinnande p\u00e5 ett individuellt och klientcentrerat s\u00e4tt. Vi erbjuder fysioterapitj\u00e4nster till m\u00e4nniskor i alla \u00e5ldrar, f\u00f6retag och samh\u00e4llen.<\/p>\n<p>[\/et_pb_slide][\/et_pb_fullwidth_slider][\/et_pb_section]<\/p>\n","protected":false},"excerpt":{"rendered":"<p>om ossFredrikssons \u00e4r ett lokalt f\u00f6retag i Raseborg som erbjuder kvalitativa fysioterapi, massage &#8211; och andra friskv\u00e5rdstj\u00e4nster i b\u00e5de Karis och Eken\u00e4s. Alla v\u00e5ra terapeuter \u00e4r utbildade yrkesut\u00f6vare. V\u00e5r ber\u00e4ttelseFredrikssons b\u00f6rjade \u00e5r 2018 under namnet Auron Karis i nya utrymmen i centrum av Karis. Fredrikssons Eken\u00e4s har sedan 2019 delvis fungerat i H\u00e4lsok\u00e4llarens utrymmen vid [&hellip;]<\/p>\n","protected":false},"author":2,"featured_media":0,"parent":0,"menu_order":0,"comment_status":"closed","ping_status":"closed","template":"","meta":{"_et_pb_use_builder":"on","_et_pb_old_content":"","_et_gb_content_width":"","om_disable_all_campaigns":false,"_monsterinsights_skip_tracking":false,"_monsterinsights_sitenote_active":false,"_monsterinsights_sitenote_note":"","_monsterinsights_sitenote_category":0,"_uf_show_specific_survey":0,"_uf_disable_surveys":false,"footnotes":""},"class_list":["post-459","page","type-page","status-publish","hentry"],"aioseo_notices":[],"_links":{"self":[{"href":"https:\/\/www.fredrikssons.fi\/sv\/wp-json\/wp\/v2\/pages\/459","targetHints":{"allow":["GET"]}}],"collection":[{"href":"https:\/\/www.fredrikssons.fi\/sv\/wp-json\/wp\/v2\/pages"}],"about":[{"href":"https:\/\/www.fredrikssons.fi\/sv\/wp-json\/wp\/v2\/types\/page"}],"author":[{"embeddable":true,"href":"https:\/\/www.fredrikssons.fi\/sv\/wp-json\/wp\/v2\/users\/2"}],"replies":[{"embeddable":true,"href":"https:\/\/www.fredrikssons.fi\/sv\/wp-json\/wp\/v2\/comments?post=459"}],"version-history":[{"count":21,"href":"https:\/\/www.fredrikssons.fi\/sv\/wp-json\/wp\/v2\/pages\/459\/revisions"}],"predecessor-version":[{"id":961,"href":"https:\/\/www.fredrikssons.fi\/sv\/wp-json\/wp\/v2\/pages\/459\/revisions\/961"}],"wp:attachment":[{"href":"https:\/\/www.fredrikssons.fi\/sv\/wp-json\/wp\/v2\/media?parent=459"}],"curies":[{"name":"wp","href":"https:\/\/api.w.org\/{rel}","templated":true}]}}